{"id":377,"date":"2019-04-29T19:56:19","date_gmt":"2019-04-29T17:56:19","guid":{"rendered":"http:\/\/www.comyn-conservation.com\/Test002\/?page_id=377"},"modified":"2025-09-29T16:22:42","modified_gmt":"2025-09-29T14:22:42","slug":"recuperation-de-chaleur","status":"publish","type":"page","link":"https:\/\/www.comyn-conservation.com\/index.php\/recuperation-de-chaleur\/","title":{"rendered":"R\u00e9cuperation de chaleur"},"content":{"rendered":"\t\t<div data-elementor-type=\"wp-page\" data-elementor-id=\"377\" class=\"elementor elementor-377\">\n\t\t\t\t<div class=\"elementor-element elementor-element-6e81bc61 e-flex e-con-boxed wpr-particle-no wpr-jarallax-no wpr-parallax-no wpr-sticky-section-no e-con e-parent\" data-id=\"6e81bc61\" data-element_type=\"container\" data-e-type=\"container\">\n\t\t\t\t\t<div class=\"e-con-inner\">\n\t\t\t\t<div class=\"elementor-element elementor-element-13be69f elementor-widget elementor-widget-html\" data-id=\"13be69f\" data-element_type=\"widget\" data-e-type=\"widget\" data-widget_type=\"html.default\">\n\t\t\t\t<div class=\"elementor-widget-container\">\n\t\t\t\t\t<section class=\"section-vrac\">\n  <div class=\"container\">\n    <h1>R\u00e9cup\u00e9ration de chaleur<\/h1>\n\n    <div class=\"vrac-content\">\n      <div class=\"vrac-text\">\n        <p>\n         <b>R\u00e9cup\u00e9ration de chaleur : un compl\u00e9ment efficace \u00e0 votre installation frigorifique. <\/b><br\/><br\/>\nLa chaleur rejet\u00e9e lors de la condensation par votre groupe frigorifique peut \u00eatre valoris\u00e9e et utilis\u00e9e pour plusieurs applications utiles dans votre exploitation :\n<ul><li> S\u00e9chage des produits, notamment quand l\u2019air ext\u00e9rieur ne peut pas \u00eatre utilis\u00e9.<\/li>\n<li>Chauffage des locaux de manutention et de conditionnement.<\/li>\n<li>R\u00e9chauffage des produits avant manutention.<\/li>\n<li>D\u00e9givrage des \u00e9changeurs pour les stockages basse temp\u00e9rature.<\/li>\n<li>Contribution \u00e0 l\u2019am\u00e9lioration du bilan carbone de votre production.<\/li>\n<\/ul>\n\n      <\/div>\n\n      <div class=\"vrac-image\">\n        <img decoding=\"async\" src=\"http:\/\/www.comyn-conservation.com\/Images\/recup-chaleur.jpg \" alt=\"R\u00e9cup\u00e9ration de chaleur\" \/>\n      <\/div>\n    <\/div>\n  <\/div>\n<\/section>\n\n<style>\n.section-vrac {\n  background: #f7f7f7;\n  padding: 60px 20px;\n  font-family: 'Arial', sans-serif;\n  color: #333;\n}\n\n.container {\n  max-width: 1100px;\n  margin: 0 auto;\n}\n\n.section-vrac h1 {\n  text-align: left;\n  font-size: 2.2em;\n  color: #4a7c2e;\n  margin-bottom: 40px;\n}\n\n.vrac-content {\n  display: flex;\n  flex-wrap: wrap;\n  gap: 40px;\n  align-items: flex-start;\n}\n\n.vrac-text {\n  flex: 1 1 55%;\n  font-size: 1.05em;\n  line-height: 1.6;\n}\n\n.vrac-text ul {\n  padding-left: 20px;\n  margin: 15px 0;\n}\n\n.vrac-text li {\n  margin-bottom: 10px;\n}\n\n.vrac-image {\n  flex: 1 1 40%;\n  text-align: center;\n}\n\n.vrac-image img {\n  max-width: 75%;\n  border-radius: 10px;\n  box-shadow: 0 2px 10px rgba(0,0,0,0.1);\n}\n\n<\/style>\t\t\t\t<\/div>\n\t\t\t\t<\/div>\n\t\t\t\t\t<\/div>\n\t\t\t\t<\/div>\n\t\t\t\t<\/div>\n\t\t","protected":false},"excerpt":{"rendered":"<p>R\u00e9cup\u00e9ration de chaleur R\u00e9cup\u00e9ration de chaleur : un compl\u00e9ment efficace \u00e0 votre installation frigorifique. La chaleur rejet\u00e9e lors de la condensation par votre groupe frigorifique peut \u00eatre valoris\u00e9e et utilis\u00e9e pour plusieurs applications utiles dans votre exploitation : S\u00e9chage des produits, notamment quand l\u2019air ext\u00e9rieur ne peut pas \u00eatre utilis\u00e9. Chauffage des locaux de manutention et de conditionnement. R\u00e9chauffage des produits avant manutention. D\u00e9givrage des \u00e9changeurs pour les stockages basse temp\u00e9rature. Contribution \u00e0 l\u2019am\u00e9lioration du bilan carbone de votre production.<\/p>\n","protected":false},"author":1,"featured_media":0,"parent":0,"menu_order":0,"comment_status":"closed","ping_status":"closed","template":"","meta":{"footnotes":""},"class_list":["post-377","page","type-page","status-publish","hentry"],"_links":{"self":[{"href":"https:\/\/www.comyn-conservation.com\/index.php\/wp-json\/wp\/v2\/pages\/377","targetHints":{"allow":["GET"]}}],"collection":[{"href":"https:\/\/www.comyn-conservation.com\/index.php\/wp-json\/wp\/v2\/pages"}],"about":[{"href":"https:\/\/www.comyn-conservation.com\/index.php\/wp-json\/wp\/v2\/types\/page"}],"author":[{"embeddable":true,"href":"https:\/\/www.comyn-conservation.com\/index.php\/wp-json\/wp\/v2\/users\/1"}],"replies":[{"embeddable":true,"href":"https:\/\/www.comyn-conservation.com\/index.php\/wp-json\/wp\/v2\/comments?post=377"}],"version-history":[{"count":19,"href":"https:\/\/www.comyn-conservation.com\/index.php\/wp-json\/wp\/v2\/pages\/377\/revisions"}],"predecessor-version":[{"id":1290,"href":"https:\/\/www.comyn-conservation.com\/index.php\/wp-json\/wp\/v2\/pages\/377\/revisions\/1290"}],"wp:attachment":[{"href":"https:\/\/www.comyn-conservation.com\/index.php\/wp-json\/wp\/v2\/media?parent=377"}],"curies":[{"name":"wp","href":"https:\/\/api.w.org\/{rel}","templated":true}]}}